{"id":33,"date":"2025-06-17T15:22:55","date_gmt":"2025-06-17T15:22:55","guid":{"rendered":"https:\/\/www.suomussalmirock.fi\/?page_id=33"},"modified":"2026-01-29T07:25:23","modified_gmt":"2026-01-29T07:25:23","slug":"wanhan-kalevan-baari","status":"publish","type":"page","link":"https:\/\/www.suomussalmirock.fi\/index.php\/suomussalmirock-kumppanit-2\/wanhan-kalevan-baari\/","title":{"rendered":"Wanhan Kalevan Baari"},"content":{"rendered":"\n<p><strong>Kalevan takapihan maineikkaat konsertit jatkuvat ensi kes\u00e4n\u00e4! Tulossa heti hein\u00e4kuun alussa 4.7.2026! <\/strong><\/p>\n\n\n\n<figure class=\"wp-block-image size-full\"><img loading=\"lazy\" decoding=\"async\" width=\"698\" height=\"987\" src=\"https:\/\/www.suomussalmirock.fi\/wp-content\/uploads\/2026\/01\/Hey-Folks-jullari-nettikopio.jpg\" alt=\"\" class=\"wp-image-501\" srcset=\"https:\/\/www.suomussalmirock.fi\/wp-content\/uploads\/2026\/01\/Hey-Folks-jullari-nettikopio.jpg 698w, https:\/\/www.suomussalmirock.fi\/wp-content\/uploads\/2026\/01\/Hey-Folks-jullari-nettikopio-212x300.jpg 212w\" sizes=\"auto, (max-width: 698px) 100vw, 698px\" \/><\/figure>\n\n\n\n<figure class=\"wp-block-image size-large\"><img loading=\"lazy\" decoding=\"async\" width=\"819\" height=\"1024\" src=\"http:\/\/www.suomussalmirock.fi\/wp-content\/uploads\/2026\/01\/WhatsApp-Image-2026-01-27-at-18.49.22-819x1024.jpeg\" alt=\"\" class=\"wp-image-516\" srcset=\"https:\/\/www.suomussalmirock.fi\/wp-content\/uploads\/2026\/01\/WhatsApp-Image-2026-01-27-at-18.49.22-819x1024.jpeg 819w, https:\/\/www.suomussalmirock.fi\/wp-content\/uploads\/2026\/01\/WhatsApp-Image-2026-01-27-at-18.49.22-240x300.jpeg 240w, https:\/\/www.suomussalmirock.fi\/wp-content\/uploads\/2026\/01\/WhatsApp-Image-2026-01-27-at-18.49.22-768x960.jpeg 768w, https:\/\/www.suomussalmirock.fi\/wp-content\/uploads\/2026\/01\/WhatsApp-Image-2026-01-27-at-18.49.22.jpeg 1080w\" sizes=\"auto, (max-width: 819px) 100vw, 819px\" \/><\/figure>\n\n\n\n<p>Ohjelma t\u00e4ydentyy piakkoin!<\/p>\n\n\n\n<figure class=\"wp-block-image size-large\"><img loading=\"lazy\" decoding=\"async\" width=\"1024\" height=\"604\" src=\"https:\/\/www.suomussalmirock.fi\/wp-content\/uploads\/2025\/06\/kaleva-3-1024x604.jpg\" alt=\"\" class=\"wp-image-218\" srcset=\"https:\/\/www.suomussalmirock.fi\/wp-content\/uploads\/2025\/06\/kaleva-3-1024x604.jpg 1024w, https:\/\/www.suomussalmirock.fi\/wp-content\/uploads\/2025\/06\/kaleva-3-300x177.jpg 300w, https:\/\/www.suomussalmirock.fi\/wp-content\/uploads\/2025\/06\/kaleva-3-768x453.jpg 768w, https:\/\/www.suomussalmirock.fi\/wp-content\/uploads\/2025\/06\/kaleva-3.jpg 1080w\" sizes=\"auto, (max-width: 1024px) 100vw, 1024px\" \/><figcaption class=\"wp-element-caption\">kuva. Kalle Kivij\u00e4rvi 2012<\/figcaption><\/figure>\n","protected":false},"excerpt":{"rendered":"<p>Kalevan takapihan maineikkaat konsertit jatkuvat ensi kes\u00e4n\u00e4! Tulossa heti hein\u00e4kuun alussa 4.7.2026! Ohjelma t\u00e4ydentyy piakkoin!<\/p>\n","protected":false},"author":1,"featured_media":0,"parent":338,"menu_order":3,"comment_status":"closed","ping_status":"closed","template":"","meta":{"footnotes":""},"class_list":["post-33","page","type-page","status-publish","hentry"],"_links":{"self":[{"href":"https:\/\/www.suomussalmirock.fi\/index.php\/wp-json\/wp\/v2\/pages\/33","targetHints":{"allow":["GET"]}}],"collection":[{"href":"https:\/\/www.suomussalmirock.fi\/index.php\/wp-json\/wp\/v2\/pages"}],"about":[{"href":"https:\/\/www.suomussalmirock.fi\/index.php\/wp-json\/wp\/v2\/types\/page"}],"author":[{"embeddable":true,"href":"https:\/\/www.suomussalmirock.fi\/index.php\/wp-json\/wp\/v2\/users\/1"}],"replies":[{"embeddable":true,"href":"https:\/\/www.suomussalmirock.fi\/index.php\/wp-json\/wp\/v2\/comments?post=33"}],"version-history":[{"count":25,"href":"https:\/\/www.suomussalmirock.fi\/index.php\/wp-json\/wp\/v2\/pages\/33\/revisions"}],"predecessor-version":[{"id":528,"href":"https:\/\/www.suomussalmirock.fi\/index.php\/wp-json\/wp\/v2\/pages\/33\/revisions\/528"}],"up":[{"embeddable":true,"href":"https:\/\/www.suomussalmirock.fi\/index.php\/wp-json\/wp\/v2\/pages\/338"}],"wp:attachment":[{"href":"https:\/\/www.suomussalmirock.fi\/index.php\/wp-json\/wp\/v2\/media?parent=33"}],"curies":[{"name":"wp","href":"https:\/\/api.w.org\/{rel}","templated":true}]}}