{"id":40,"date":"2025-06-17T15:27:48","date_gmt":"2025-06-17T15:27:48","guid":{"rendered":"https:\/\/www.suomussalmirock.fi\/?page_id=40"},"modified":"2026-01-29T07:30:56","modified_gmt":"2026-01-29T07:30:56","slug":"hiljaisen-kansan-niittykahvila","status":"publish","type":"page","link":"https:\/\/www.suomussalmirock.fi\/index.php\/suomussalmirock-kumppanit-2\/hiljaisen-kansan-niittykahvila\/","title":{"rendered":"Hiljaisen Kansan Niittykahvila"},"content":{"rendered":"\n<p>Niittykahvilan klassikkopari, muurinpohjalettu ja nokipannukahvi, ker\u00e4\u00e4 joka vuosi uusia yst\u00e4vi\u00e4. Aitojen makujen liiton kruunaa savun tuoksu, sill\u00e4 valmistamme letut ja kahvin avotulella, aidon voin ja hyvin paahdetun kahvin voimaan luottaen. Toista samanlaista kahvilaa ei ahkerin etsij\u00e4k\u00e4\u00e4n l\u00f6yd\u00e4: Hiljaisen Kansan viestit, vanhan hein\u00e4pellon kantamat muistot, nuotiotulella syntyv\u00e4t aidot maut, kansainv\u00e4linen reissaajien joukko ja hyv\u00e4ntuulinen palvelu kohtaavat vain t\u00e4\u00e4ll\u00e4 pellonlaidalla.<\/p>\n\n\n\n<p>Niittykahvila tarjoaa lettujen lis\u00e4ksi my\u00f6s pient\u00e4 suolaista paikallista purtavaa, oikeita Pohjoisen makuja. Voit virvoittaa itse\u00e4si paikallisella j\u00e4\u00e4tel\u00f6ll\u00e4 ja talon omalla phlajanlehtijuomalla. Myyntiladostamme l\u00f6yd\u00e4t paikallisia mummojen kutomia ja pappojen veist\u00e4mi\u00e4 k\u00e4sit\u00f6it\u00e4, luontoa ja luomua kotiin viemiseksi. Isomman n\u00e4l\u00e4n sammutukseen l\u00f6ytyy apu Niittytupa-ravintolastamme.<\/p>\n\n\n\n<p>Sitten vain hein\u00e4latoon k\u00f6ll\u00f6ttelem\u00e4\u00e4n vatsansa viereen.<\/p>\n\n\n\n<figure class=\"wp-block-image size-large\"><img loading=\"lazy\" decoding=\"async\" width=\"1024\" height=\"576\" src=\"https:\/\/www.suomussalmirock.fi\/wp-content\/uploads\/2025\/06\/kansa-1024x576.jpg\" alt=\"\" class=\"wp-image-86\" srcset=\"https:\/\/www.suomussalmirock.fi\/wp-content\/uploads\/2025\/06\/kansa-1024x576.jpg 1024w, https:\/\/www.suomussalmirock.fi\/wp-content\/uploads\/2025\/06\/kansa-300x169.jpg 300w, https:\/\/www.suomussalmirock.fi\/wp-content\/uploads\/2025\/06\/kansa-768x432.jpg 768w, https:\/\/www.suomussalmirock.fi\/wp-content\/uploads\/2025\/06\/kansa-1536x864.jpg 1536w, https:\/\/www.suomussalmirock.fi\/wp-content\/uploads\/2025\/06\/kansa.jpg 1920w\" sizes=\"auto, (max-width: 1024px) 100vw, 1024px\" \/><\/figure>\n\n\n\n<h2 class=\"wp-block-heading\">Hiljainen Kansa<\/h2>\n\n\n\n<p>Viitostiell\u00e4 kulkijoita tervehtii vuodenajan, p\u00e4iv\u00e4nkulun ja valon vaihtelussa el\u00e4v\u00e4 n\u00e4ky. L\u00e4hestuhatp\u00e4inen Hiljaisen kansan joukko ilmestyy ohi ajavalle \u00e4killisen\u00e4 n\u00e4kyn\u00e4,kuin taikaiskusta: aamuisin jurona ja hy\u00f6kk\u00e4\u00e4v\u00e4n\u00e4, kun valo tulee sen takaa, reippaana ja s\u00e4vykk\u00e4\u00e4n\u00e4 keskip\u00e4iv\u00e4ll\u00e4, riemukkaan v\u00e4rikk\u00e4\u00e4n\u00e4 auringon siirtyess\u00e4 l\u00e4nteen. Tuuli hulmuttaa heid\u00e4n hein\u00e4hiuksiaan, vaatteet ovat rytmikk\u00e4\u00e4ss\u00e4 liikkeess\u00e4 kuin hahmot olisivat el\u00e4vi\u00e4.<\/p>\n\n\n\n<p>Turvep\u00e4isi\u00e4 olentojaan&nbsp;<strong>Reijo Kela<\/strong>&nbsp;k\u00e4ytti ensimm\u00e4isen kerran Ilmarin kynn\u00f6s -esityksess\u00e4\u00e4n Suomussalmella Lassilan pellolla 1988. Seuraavan kerran turvep\u00e4\u00e4t esiintyiv\u00e4t Helsingiss\u00e4 kes\u00e4ll\u00e4 1994, kun Kainuun maakunta esitt\u00e4ytyi Senaatintorilla. Hahmoja oli varalta 1200, mutta Tuomiokirkon portaille niit\u00e4 mahtui vain vajaat 700. Hiljainen kansa pystytettiin y\u00f6ll\u00e4, ja se sai kahtena p\u00e4iv\u00e4n\u00e4 suurta huomiota ja julkisuutta osakseen. Sitten se poistettiin y\u00f6ll\u00e4 ja tuotiin takaisin Suomussalmelle. <\/p>\n\n\n\n<p>Kolmannen kerran Hiljainen kansa seisoi vaiteliaana \u00c4mm\u00e4nsaaressa Jalonuoman rannalla hein\u00e4kuussa 1994, kun Reijo Kela ja Heikki Laitinen kumppaneineen saivat kohua aikaan rohkealla performanssilla Kauniit ja rohkeat, rantojen raukat. Nykyiselle paikalleen Hiljainen kansa sijoitettiin syksyll\u00e4 1994. Turvep\u00e4it\u00e4 kohennetaan ja vaatetetaan kaksi kertaa vuodessa; p\u00e4\u00e4t saadaan suoraan pellosta, vaatteet j\u00e4rjestetyill\u00e4 ker\u00e4yksill\u00e4. Ty\u00f6paja Hanslankarit, joka on rakentanut ja vaatettanut hahmot, vastaa my\u00f6s niiden s\u00e4ilymisest\u00e4 kunnossa.<\/p>\n\n\n\n<p>Usein kysell\u00e4\u00e4n, mit\u00e4 Hiljainen kansa oikein tarkoittaa tai mit\u00e4 se merkitsee. Syrj\u00e4ytyneit\u00e4? Mykki\u00e4 kainuulaisia? Unohdettuja? Reijo Kelalta ei saa vastausta. Kukin katsoja tehk\u00f6\u00f6n omat johtop\u00e4\u00e4t\u00f6ksens\u00e4. Johonkin viitannee se, ett\u00e4 jos Hiljainen kansa riisutaan, paikalle j\u00e4\u00e4 tuhatkunta risti\u00e4.<\/p>\n\n\n\n<p>L\u00e4hde: Hiljaisen Kansan niittykahvila-sivusto<\/p>\n\n\n\n<h2 class=\"wp-block-heading\">Matkustajakoti Kuutamo<\/h2>\n\n\n\n<p>Matkustajakoti Kuutamossa on kodikas tunnelma, juuri uuden ilmeen saaneet tilavat huoneet sek\u00e4 v. 2024 remontoitu iso keitti\u00f6, joka on vapaasti majoittujien k\u00e4yt\u00f6ss\u00e4. Tarjoamme reissumiehille ja -naisille viihtyis\u00e4n ja edullisen majapaikan aivan Suomussalmen keskustassa. Kuutamo B &amp; B tilat ovat rauhallisessa, matalassa rakennuksessa osoitteessa Kiannonkatu 6 C, kadun varrella olevan rakennuksen takana. Hyv\u00e4n\u00e4 maamerkkin\u00e4 on sein\u00e4n kokoinen kuva \u201dEl\u00e4m\u00e4n puu\u201d rakennuksen p\u00e4\u00e4dyss\u00e4. Vastaanotto on kadun puoleisessa rakennuksessa aivan kulman takana. Samassa yhteydess\u00e4 on my\u00f6s paikallisten k\u00e4sit\u00f6iden aarreaitta Kuutamoshop, mist\u00e4 voi hankkia lahjan vaikka itselle tai tuliaiseksi!<br><\/p>\n\n\n\n<figure class=\"wp-block-image size-full\"><img loading=\"lazy\" decoding=\"async\" width=\"1000\" height=\"636\" src=\"https:\/\/www.suomussalmirock.fi\/wp-content\/uploads\/2025\/06\/kuutamo-kopio.jpg\" alt=\"\" class=\"wp-image-121\" srcset=\"https:\/\/www.suomussalmirock.fi\/wp-content\/uploads\/2025\/06\/kuutamo-kopio.jpg 1000w, https:\/\/www.suomussalmirock.fi\/wp-content\/uploads\/2025\/06\/kuutamo-kopio-300x191.jpg 300w, https:\/\/www.suomussalmirock.fi\/wp-content\/uploads\/2025\/06\/kuutamo-kopio-768x488.jpg 768w\" sizes=\"auto, (max-width: 1000px) 100vw, 1000px\" \/><\/figure>\n\n\n\n<p>K\u00e4yt\u00f6ss\u00e4 on pyykinpesukone ja polkupy\u00f6r\u00e4n k\u00e4ytt\u00f6mahdollisuus etuk\u00e4teen ilmoitettaessa.<\/p>\n\n\n\n<p>Ei lemmikkiel\u00e4imi\u00e4. Lis\u00e4tietoja:<a href=\"https:\/\/www.kuutamokoti.fi\/\" data-type=\"link\" data-id=\"https:\/\/www.kuutamokoti.fi\/\"> www.kuutamokoti.fi\/<\/a><\/p>\n\n\n\n<p><strong>Olemme mukana my\u00f6s Suomussalmirockissa, seuraaa ilmoitteluamme!<\/strong><\/p>\n\n\n\n<figure class=\"wp-block-image size-large\"><img loading=\"lazy\" decoding=\"async\" width=\"819\" height=\"1024\" src=\"http:\/\/www.suomussalmirock.fi\/wp-content\/uploads\/2026\/01\/WhatsApp-Image-2026-01-27-at-18.49.22-819x1024.jpeg\" alt=\"\" class=\"wp-image-516\" srcset=\"https:\/\/www.suomussalmirock.fi\/wp-content\/uploads\/2026\/01\/WhatsApp-Image-2026-01-27-at-18.49.22-819x1024.jpeg 819w, https:\/\/www.suomussalmirock.fi\/wp-content\/uploads\/2026\/01\/WhatsApp-Image-2026-01-27-at-18.49.22-240x300.jpeg 240w, https:\/\/www.suomussalmirock.fi\/wp-content\/uploads\/2026\/01\/WhatsApp-Image-2026-01-27-at-18.49.22-768x960.jpeg 768w, https:\/\/www.suomussalmirock.fi\/wp-content\/uploads\/2026\/01\/WhatsApp-Image-2026-01-27-at-18.49.22.jpeg 1080w\" sizes=\"auto, (max-width: 819px) 100vw, 819px\" \/><\/figure>\n","protected":false},"excerpt":{"rendered":"<p>Niittykahvilan klassikkopari, muurinpohjalettu ja nokipannukahvi, ker\u00e4\u00e4 joka vuosi uusia yst\u00e4vi\u00e4. Aitojen makujen liiton kruunaa savun tuoksu, sill\u00e4 valmistamme letut ja kahvin avotulella, aidon voin ja hyvin paahdetun kahvin voimaan luottaen. Toista samanlaista kahvilaa ei ahkerin etsij\u00e4k\u00e4\u00e4n l\u00f6yd\u00e4: Hiljaisen Kansan viestit, vanhan hein\u00e4pellon kantamat muistot, nuotiotulella syntyv\u00e4t aidot maut, kansainv\u00e4linen reissaajien joukko ja hyv\u00e4ntuulinen palvelu kohtaavat [&hellip;]<\/p>\n","protected":false},"author":1,"featured_media":0,"parent":338,"menu_order":1,"comment_status":"closed","ping_status":"closed","template":"","meta":{"footnotes":""},"class_list":["post-40","page","type-page","status-publish","hentry"],"_links":{"self":[{"href":"https:\/\/www.suomussalmirock.fi\/index.php\/wp-json\/wp\/v2\/pages\/40","targetHints":{"allow":["GET"]}}],"collection":[{"href":"https:\/\/www.suomussalmirock.fi\/index.php\/wp-json\/wp\/v2\/pages"}],"about":[{"href":"https:\/\/www.suomussalmirock.fi\/index.php\/wp-json\/wp\/v2\/types\/page"}],"author":[{"embeddable":true,"href":"https:\/\/www.suomussalmirock.fi\/index.php\/wp-json\/wp\/v2\/users\/1"}],"replies":[{"embeddable":true,"href":"https:\/\/www.suomussalmirock.fi\/index.php\/wp-json\/wp\/v2\/comments?post=40"}],"version-history":[{"count":13,"href":"https:\/\/www.suomussalmirock.fi\/index.php\/wp-json\/wp\/v2\/pages\/40\/revisions"}],"predecessor-version":[{"id":533,"href":"https:\/\/www.suomussalmirock.fi\/index.php\/wp-json\/wp\/v2\/pages\/40\/revisions\/533"}],"up":[{"embeddable":true,"href":"https:\/\/www.suomussalmirock.fi\/index.php\/wp-json\/wp\/v2\/pages\/338"}],"wp:attachment":[{"href":"https:\/\/www.suomussalmirock.fi\/index.php\/wp-json\/wp\/v2\/media?parent=40"}],"curies":[{"name":"wp","href":"https:\/\/api.w.org\/{rel}","templated":true}]}}